{"id":34,"date":"2016-02-18T05:31:12","date_gmt":"2016-02-18T04:31:12","guid":{"rendered":"http:\/\/foyerlampaul.fr\/?page_id=34"},"modified":"2024-07-20T17:30:40","modified_gmt":"2024-07-20T16:30:40","slug":"contact","status":"publish","type":"page","link":"https:\/\/www.foyerlampaul.fr\/?page_id=34","title":{"rendered":"Contacts"},"content":{"rendered":"\n<div class=\"wp-block-group\"><div class=\"wp-block-group__inner-container is-layout-flow wp-block-group-is-layout-flow\">\n<p style=\"text-align: left;\">Vous trouverez sur cette page tous les contacts et les infos concernant le Foyer Rural.<\/p>\n<p style=\"text-align: left;\"><strong>LE FOYER<\/strong><br \/>Adresse : 1 route de Ploudalm\u00e9zeau 29830 Lampaul-Ploudalm\u00e9zeau Email : <img loading=\"lazy\" decoding=\"async\" src=\"http:\/\/foyerlampaul.fr\/wp-content\/uploads\/images\/mail.gif\" width=\"17\" height=\"19\" align=\"absmiddle\" \/><a href=\"mailto:foyerlampaulploudalmezeau@gmail.com\">foyerlampaulploudalmezeau@gmail.com<\/a><\/p>\n<hr \/>\n<p style=\"text-align: left;\"><strong>LE BUREAU<\/strong><br \/><img loading=\"lazy\" decoding=\"async\" src=\"http:\/\/foyerlampaul.fr\/wp-content\/uploads\/images\/puce_d.gif\" width=\"25\" height=\"20\" align=\"absmiddle\" \/><strong>Pr\u00e9sident :<\/strong>\u00a0ROU\u00c9 Jo\u00ebl\u00a0<img loading=\"lazy\" decoding=\"async\" src=\"http:\/\/foyerlampaul.fr\/wp-content\/uploads\/images\/tel.gif\" width=\"17\" height=\"19\" align=\"absmiddle\" \/> 07 72 77 00 94<br \/><img loading=\"lazy\" decoding=\"async\" src=\"http:\/\/foyerlampaul.fr\/wp-content\/uploads\/images\/puce_d.gif\" width=\"25\" height=\"20\" align=\"absmiddle\" \/><strong>Vice-Pr\u00e9sidents :<\/strong>\u00a0THOMAS Dominique\u00a0<img loading=\"lazy\" decoding=\"async\" src=\"http:\/\/foyerlampaul.fr\/wp-content\/uploads\/images\/tel.gif\" width=\"17\" height=\"19\" align=\"absmiddle\" \/> 02 98 48 03 79<br \/>Berthon Anthony <img loading=\"lazy\" decoding=\"async\" src=\"http:\/\/foyerlampaul.fr\/wp-content\/uploads\/images\/tel.gif\" width=\"17\" height=\"19\" align=\"absmiddle\" \/> 06 47 73 30 10<br \/><img loading=\"lazy\" decoding=\"async\" src=\"http:\/\/foyerlampaul.fr\/wp-content\/uploads\/images\/puce_d.gif\" width=\"25\" height=\"20\" align=\"absmiddle\" \/><strong>Secr\u00e9taire :<\/strong> GIRARD Philippe <img loading=\"lazy\" decoding=\"async\" src=\"http:\/\/foyerlampaul.fr\/wp-content\/uploads\/images\/tel.gif\" width=\"17\" height=\"19\" align=\"absmiddle\" \/> 02 98 48 01 38<\/p>\n<p style=\"text-align: left;\"><img loading=\"lazy\" decoding=\"async\" src=\"http:\/\/foyerlampaul.fr\/wp-content\/uploads\/images\/puce_d.gif\" width=\"25\" height=\"20\" align=\"absmiddle\" \/><strong>Tr\u00e9sorier :<\/strong> MAREC Bernard <img loading=\"lazy\" decoding=\"async\" src=\"http:\/\/foyerlampaul.fr\/wp-content\/uploads\/images\/tel.gif\" width=\"17\" height=\"19\" align=\"absmiddle\" \/> 07 83 59 17 77<br \/><img loading=\"lazy\" decoding=\"async\" src=\"http:\/\/foyerlampaul.fr\/wp-content\/uploads\/images\/puce_d.gif\" width=\"25\" height=\"20\" align=\"absmiddle\" \/><strong>Tr\u00e9sorier-adjoint :<\/strong> JACOPIN Fran\u00e7ois <img loading=\"lazy\" decoding=\"async\" src=\"http:\/\/foyerlampaul.fr\/wp-content\/uploads\/images\/tel.gif\" width=\"17\" height=\"19\" align=\"absmiddle\" \/> 02 98 48 07 08<\/p>\n<hr \/>\n<p style=\"text-align: left;\"><strong>LES ACTIVIT\u00c9S<\/strong><br \/><img loading=\"lazy\" decoding=\"async\" src=\"http:\/\/foyerlampaul.fr\/wp-content\/uploads\/images\/sections\/bibliotheque\/ico_biblio_sm.gif\" width=\"31\" height=\"34\" align=\"absmiddle\" \/><strong>Biblioth\u00e8que :<\/strong>\u00a0TEYSSIER Suzanne\u00a0<img loading=\"lazy\" decoding=\"async\" src=\"http:\/\/foyerlampaul.fr\/wp-content\/uploads\/images\/tel.gif\" width=\"17\" height=\"19\" align=\"absmiddle\" \/>\u00a0 02 98 38 43 73<br \/><img loading=\"lazy\" decoding=\"async\" src=\"http:\/\/foyerlampaul.fr\/wp-content\/uploads\/images\/sections\/char\/ico_char_sm.gif\" width=\"31\" height=\"34\" align=\"absmiddle\" \/><strong>Char \u00e0 voile Bag-Douar : <\/strong>THOMAS Alain <img loading=\"lazy\" decoding=\"async\" src=\"http:\/\/foyerlampaul.fr\/wp-content\/uploads\/images\/tel.gif\" width=\"17\" height=\"19\" align=\"absmiddle\" \/> 06 61 78 79 87<br \/><img loading=\"lazy\" decoding=\"async\" src=\"http:\/\/foyerlampaul.fr\/wp-content\/uploads\/images\/sections\/fleur\/ico_fleur_sm.gif\" width=\"31\" height=\"34\" align=\"absmiddle\" \/><strong>Fleur de l&rsquo;\u00e2ge : <\/strong>LE BORGNE Andr\u00e9\u00a0<img loading=\"lazy\" decoding=\"async\" src=\"http:\/\/foyerlampaul.fr\/wp-content\/uploads\/images\/tel.gif\" width=\"17\" height=\"19\" align=\"absmiddle\" \/> 06 07 81 42 20<\/p>\n<p style=\"text-align: left;\"><img loading=\"lazy\" decoding=\"async\" src=\"http:\/\/foyerlampaul.fr\/wp-content\/uploads\/images\/sections\/ski\/ico_ski_sm.gif\" width=\"31\" height=\"34\" align=\"absmiddle\" \/><strong>Ski :\u00a0<\/strong>JAOUEN Jean-Bernard <img loading=\"lazy\" decoding=\"async\" src=\"http:\/\/foyerlampaul.fr\/wp-content\/uploads\/images\/tel.gif\" width=\"17\" height=\"19\" align=\"absmiddle\" \/> 02 98 48 06 58<br \/><img loading=\"lazy\" decoding=\"async\" src=\"http:\/\/foyerlampaul.fr\/wp-content\/uploads\/images\/sections\/marche\/ico_marche_sm.gif\" width=\"31\" height=\"34\" align=\"absmiddle\" \/><strong>Marche : <\/strong>GIRARD Odile <img loading=\"lazy\" decoding=\"async\" src=\"http:\/\/foyerlampaul.fr\/wp-content\/uploads\/images\/tel.gif\" width=\"17\" height=\"19\" align=\"absmiddle\" \/> 02 98 48 01 38 &amp; JACOPIN Anne-Marie <img loading=\"lazy\" decoding=\"async\" src=\"http:\/\/foyerlampaul.fr\/wp-content\/uploads\/images\/tel.gif\" width=\"17\" height=\"19\" align=\"absmiddle\" \/> 02 98 48 07 08<br \/><img loading=\"lazy\" decoding=\"async\" src=\"http:\/\/foyerlampaul.fr\/wp-content\/uploads\/images\/sections\/poterie\/ico_poterie_sm.gif\" width=\"31\" height=\"34\" align=\"absmiddle\" \/><strong>Poterie :\u00a0<\/strong>ROU\u00c9 Muriel <img loading=\"lazy\" decoding=\"async\" src=\"http:\/\/foyerlampaul.fr\/wp-content\/uploads\/images\/tel.gif\" width=\"17\" height=\"19\" align=\"absmiddle\" \/> 06 37 84 04 28<br \/><img loading=\"lazy\" decoding=\"async\" src=\"http:\/\/foyerlampaul.fr\/wp-content\/uploads\/images\/sections\/volley\/ico_volley_sm.gif\" width=\"31\" height=\"34\" align=\"absmiddle\" \/><strong>Volley-Ball :<\/strong> BERTHON Anthony <img loading=\"lazy\" decoding=\"async\" src=\"http:\/\/foyerlampaul.fr\/wp-content\/uploads\/images\/tel.gif\" width=\"17\" height=\"19\" align=\"absmiddle\" \/> 06 47 73 30 10<br \/><img loading=\"lazy\" decoding=\"async\" src=\"http:\/\/foyerlampaul.fr\/wp-content\/uploads\/images\/sections\/ping\/ico_ping_sm.gif\" width=\"31\" height=\"34\" align=\"absmiddle\" \/><strong>Tennis de table : SCHIER Katell<\/strong>\u00a0<img loading=\"lazy\" decoding=\"async\" src=\"http:\/\/foyerlampaul.fr\/wp-content\/uploads\/images\/tel.gif\" width=\"17\" height=\"19\" align=\"absmiddle\" \/> 06 33 15 84 85<\/p>\n<p style=\"text-align: left;\"><img loading=\"lazy\" decoding=\"async\" src=\"http:\/\/foyerlampaul.fr\/wp-content\/uploads\/images\/sections\/velo\/ico_velo_sm.gif\" width=\"31\" height=\"34\" align=\"absmiddle\" \/><strong>Les Tricycles :\u00a0<\/strong>MAREC Bernard <img loading=\"lazy\" decoding=\"async\" src=\"http:\/\/foyerlampaul.fr\/wp-content\/uploads\/images\/tel.gif\" width=\"17\" height=\"19\" align=\"absmiddle\" \/> 07 83 59 17 77<\/p>\n<p><strong><a href=\"https:\/\/www.foyerlampaul.fr\/wp-content\/uploads\/2016\/06\/ico_jeunes_sm.gif\"><img loading=\"lazy\" decoding=\"async\" class=\"alignnone size-full wp-image-1315\" src=\"https:\/\/www.foyerlampaul.fr\/wp-content\/uploads\/2016\/06\/ico_jeunes_sm.gif\" alt=\"ico_jeunes_sm\" width=\"31\" height=\"34\" \/><\/a>Karting No Brake<\/strong>: \u00a0EUDE Claude \u00a0<img loading=\"lazy\" decoding=\"async\" src=\"http:\/\/foyerlampaul.fr\/wp-content\/uploads\/images\/tel.gif\" width=\"17\" height=\"19\" align=\"absmiddle\" \/> 06 68 31 86 43<\/p>\n<p style=\"text-align: left;\"><strong>WEBMASTER\/DESIGN<\/strong><br \/>Graphisme : <img loading=\"lazy\" decoding=\"async\" src=\"http:\/\/foyerlampaul.fr\/wp-content\/uploads\/images\/mail.gif\" width=\"17\" height=\"19\" align=\"absmiddle\" \/><a href=\"mailto:http:\/\/contact@tan-ki.com\">Tan-ki<\/a> \/ <img loading=\"lazy\" decoding=\"async\" src=\"http:\/\/foyerlampaul.fr\/wp-content\/uploads\/images\/tel.gif\" width=\"17\" height=\"19\" align=\"absmiddle\" \/>06 70 63 34 94<\/p>\n<\/div><\/div>\n","protected":false},"excerpt":{"rendered":"<p>Vous trouverez sur cette page tous les contacts et les infos concernant le Foyer Rural. LE FOYERAdresse : 1 route de Ploudalm\u00e9zeau 29830 Lampaul-Ploudalm\u00e9zeau Email : foyerlampaulploudalmezeau@gmail.com LE BUREAUPr\u00e9sident :\u00a0ROU\u00c9 Jo\u00ebl\u00a0 07 72 77 00 94Vice-Pr\u00e9sidents :\u00a0THOMAS Dominique\u00a0 02 98 48 03 79Berthon Anthony 06 47 73 30 10Secr\u00e9taire : GIRARD Philippe 02 98 48 <a href=\"https:\/\/www.foyerlampaul.fr\/?page_id=34\" rel=\"nofollow\"><span class=\"sr-only\">En savoir plus surContacts<\/span>[&hellip;]<\/a><\/p>\n","protected":false},"author":1,"featured_media":0,"parent":0,"menu_order":0,"comment_status":"closed","ping_status":"closed","template":"","meta":{"footnotes":""},"class_list":["post-34","page","type-page","status-publish","hentry"],"yoast_head":"<!-- This site is optimized with the Yoast SEO plugin v27.5 - https:\/\/yoast.com\/product\/yoast-seo-wordpress\/ -->\n<title>Contacts - Foyer rural de Lampaul-Ploudalm\u00e9zeau<\/title>\n<meta name=\"robots\" content=\"index, follow, max-snippet:-1, max-image-preview:large, max-video-preview:-1\" \/>\n<link rel=\"canonical\" href=\"https:\/\/www.foyerlampaul.fr\/?page_id=34\" \/>\n<meta property=\"og:locale\" content=\"fr_FR\" \/>\n<meta property=\"og:type\" content=\"article\" \/>\n<meta property=\"og:title\" content=\"Contacts - Foyer rural de Lampaul-Ploudalm\u00e9zeau\" \/>\n<meta property=\"og:description\" content=\"Vous trouverez sur cette page tous les contacts et les infos concernant le Foyer Rural. LE FOYERAdresse : 1 route de Ploudalm\u00e9zeau 29830 Lampaul-Ploudalm\u00e9zeau Email : foyerlampaulploudalmezeau@gmail.com LE BUREAUPr\u00e9sident :\u00a0ROU\u00c9 Jo\u00ebl\u00a0 07 72 77 00 94Vice-Pr\u00e9sidents :\u00a0THOMAS Dominique\u00a0 02 98 48 03 79Berthon Anthony 06 47 73 30 10Secr\u00e9taire : GIRARD Philippe 02 98 48 En savoir plus surContacts[&hellip;]\" \/>\n<meta property=\"og:url\" content=\"https:\/\/www.foyerlampaul.fr\/?page_id=34\" \/>\n<meta property=\"og:site_name\" content=\"Foyer rural de Lampaul-Ploudalm\u00e9zeau\" \/>\n<meta property=\"article:modified_time\" content=\"2024-07-20T16:30:40+00:00\" \/>\n<meta property=\"og:image\" content=\"http:\/\/foyerlampaul.fr\/wp-content\/uploads\/images\/mail.gif\" \/>\n<meta name=\"twitter:card\" content=\"summary_large_image\" \/>\n<meta name=\"twitter:label1\" content=\"Dur\u00e9e de lecture estim\u00e9e\" \/>\n\t<meta name=\"twitter:data1\" content=\"8 minutes\" \/>\n<script type=\"application\/ld+json\" class=\"yoast-schema-graph\">{\"@context\":\"https:\\\/\\\/schema.org\",\"@graph\":[{\"@type\":\"WebPage\",\"@id\":\"https:\\\/\\\/www.foyerlampaul.fr\\\/?page_id=34\",\"url\":\"https:\\\/\\\/www.foyerlampaul.fr\\\/?page_id=34\",\"name\":\"Contacts - Foyer rural de Lampaul-Ploudalm\u00e9zeau\",\"isPartOf\":{\"@id\":\"https:\\\/\\\/www.foyerlampaul.fr\\\/#website\"},\"primaryImageOfPage\":{\"@id\":\"https:\\\/\\\/www.foyerlampaul.fr\\\/?page_id=34#primaryimage\"},\"image\":{\"@id\":\"https:\\\/\\\/www.foyerlampaul.fr\\\/?page_id=34#primaryimage\"},\"thumbnailUrl\":\"http:\\\/\\\/foyerlampaul.fr\\\/wp-content\\\/uploads\\\/images\\\/mail.gif\",\"datePublished\":\"2016-02-18T04:31:12+00:00\",\"dateModified\":\"2024-07-20T16:30:40+00:00\",\"breadcrumb\":{\"@id\":\"https:\\\/\\\/www.foyerlampaul.fr\\\/?page_id=34#breadcrumb\"},\"inLanguage\":\"fr-FR\",\"potentialAction\":[{\"@type\":\"ReadAction\",\"target\":[\"https:\\\/\\\/www.foyerlampaul.fr\\\/?page_id=34\"]}]},{\"@type\":\"ImageObject\",\"inLanguage\":\"fr-FR\",\"@id\":\"https:\\\/\\\/www.foyerlampaul.fr\\\/?page_id=34#primaryimage\",\"url\":\"http:\\\/\\\/foyerlampaul.fr\\\/wp-content\\\/uploads\\\/images\\\/mail.gif\",\"contentUrl\":\"http:\\\/\\\/foyerlampaul.fr\\\/wp-content\\\/uploads\\\/images\\\/mail.gif\"},{\"@type\":\"BreadcrumbList\",\"@id\":\"https:\\\/\\\/www.foyerlampaul.fr\\\/?page_id=34#breadcrumb\",\"itemListElement\":[{\"@type\":\"ListItem\",\"position\":1,\"name\":\"Accueil\",\"item\":\"https:\\\/\\\/www.foyerlampaul.fr\\\/\"},{\"@type\":\"ListItem\",\"position\":2,\"name\":\"Contacts\"}]},{\"@type\":\"WebSite\",\"@id\":\"https:\\\/\\\/www.foyerlampaul.fr\\\/#website\",\"url\":\"https:\\\/\\\/www.foyerlampaul.fr\\\/\",\"name\":\"Foyer rural de Lampaul-Ploudalm\u00e9zeau\",\"description\":\"\",\"potentialAction\":[{\"@type\":\"SearchAction\",\"target\":{\"@type\":\"EntryPoint\",\"urlTemplate\":\"https:\\\/\\\/www.foyerlampaul.fr\\\/?s={search_term_string}\"},\"query-input\":{\"@type\":\"PropertyValueSpecification\",\"valueRequired\":true,\"valueName\":\"search_term_string\"}}],\"inLanguage\":\"fr-FR\"}]}<\/script>\n<!-- \/ Yoast SEO plugin. -->","yoast_head_json":{"title":"Contacts - Foyer rural de Lampaul-Ploudalm\u00e9zeau","robots":{"index":"index","follow":"follow","max-snippet":"max-snippet:-1","max-image-preview":"max-image-preview:large","max-video-preview":"max-video-preview:-1"},"canonical":"https:\/\/www.foyerlampaul.fr\/?page_id=34","og_locale":"fr_FR","og_type":"article","og_title":"Contacts - Foyer rural de Lampaul-Ploudalm\u00e9zeau","og_description":"Vous trouverez sur cette page tous les contacts et les infos concernant le Foyer Rural. LE FOYERAdresse : 1 route de Ploudalm\u00e9zeau 29830 Lampaul-Ploudalm\u00e9zeau Email : foyerlampaulploudalmezeau@gmail.com LE BUREAUPr\u00e9sident :\u00a0ROU\u00c9 Jo\u00ebl\u00a0 07 72 77 00 94Vice-Pr\u00e9sidents :\u00a0THOMAS Dominique\u00a0 02 98 48 03 79Berthon Anthony 06 47 73 30 10Secr\u00e9taire : GIRARD Philippe 02 98 48 En savoir plus surContacts[&hellip;]","og_url":"https:\/\/www.foyerlampaul.fr\/?page_id=34","og_site_name":"Foyer rural de Lampaul-Ploudalm\u00e9zeau","article_modified_time":"2024-07-20T16:30:40+00:00","og_image":[{"url":"http:\/\/foyerlampaul.fr\/wp-content\/uploads\/images\/mail.gif","type":"","width":"","height":""}],"twitter_card":"summary_large_image","twitter_misc":{"Dur\u00e9e de lecture estim\u00e9e":"8 minutes"},"schema":{"@context":"https:\/\/schema.org","@graph":[{"@type":"WebPage","@id":"https:\/\/www.foyerlampaul.fr\/?page_id=34","url":"https:\/\/www.foyerlampaul.fr\/?page_id=34","name":"Contacts - Foyer rural de Lampaul-Ploudalm\u00e9zeau","isPartOf":{"@id":"https:\/\/www.foyerlampaul.fr\/#website"},"primaryImageOfPage":{"@id":"https:\/\/www.foyerlampaul.fr\/?page_id=34#primaryimage"},"image":{"@id":"https:\/\/www.foyerlampaul.fr\/?page_id=34#primaryimage"},"thumbnailUrl":"http:\/\/foyerlampaul.fr\/wp-content\/uploads\/images\/mail.gif","datePublished":"2016-02-18T04:31:12+00:00","dateModified":"2024-07-20T16:30:40+00:00","breadcrumb":{"@id":"https:\/\/www.foyerlampaul.fr\/?page_id=34#breadcrumb"},"inLanguage":"fr-FR","potentialAction":[{"@type":"ReadAction","target":["https:\/\/www.foyerlampaul.fr\/?page_id=34"]}]},{"@type":"ImageObject","inLanguage":"fr-FR","@id":"https:\/\/www.foyerlampaul.fr\/?page_id=34#primaryimage","url":"http:\/\/foyerlampaul.fr\/wp-content\/uploads\/images\/mail.gif","contentUrl":"http:\/\/foyerlampaul.fr\/wp-content\/uploads\/images\/mail.gif"},{"@type":"BreadcrumbList","@id":"https:\/\/www.foyerlampaul.fr\/?page_id=34#breadcrumb","itemListElement":[{"@type":"ListItem","position":1,"name":"Accueil","item":"https:\/\/www.foyerlampaul.fr\/"},{"@type":"ListItem","position":2,"name":"Contacts"}]},{"@type":"WebSite","@id":"https:\/\/www.foyerlampaul.fr\/#website","url":"https:\/\/www.foyerlampaul.fr\/","name":"Foyer rural de Lampaul-Ploudalm\u00e9zeau","description":"","potentialAction":[{"@type":"SearchAction","target":{"@type":"EntryPoint","urlTemplate":"https:\/\/www.foyerlampaul.fr\/?s={search_term_string}"},"query-input":{"@type":"PropertyValueSpecification","valueRequired":true,"valueName":"search_term_string"}}],"inLanguage":"fr-FR"}]}},"jetpack_sharing_enabled":true,"_links":{"self":[{"href":"https:\/\/www.foyerlampaul.fr\/index.php?rest_route=\/wp\/v2\/pages\/34","targetHints":{"allow":["GET"]}}],"collection":[{"href":"https:\/\/www.foyerlampaul.fr\/index.php?rest_route=\/wp\/v2\/pages"}],"about":[{"href":"https:\/\/www.foyerlampaul.fr\/index.php?rest_route=\/wp\/v2\/types\/page"}],"author":[{"embeddable":true,"href":"https:\/\/www.foyerlampaul.fr\/index.php?rest_route=\/wp\/v2\/users\/1"}],"replies":[{"embeddable":true,"href":"https:\/\/www.foyerlampaul.fr\/index.php?rest_route=%2Fwp%2Fv2%2Fcomments&post=34"}],"version-history":[{"count":53,"href":"https:\/\/www.foyerlampaul.fr\/index.php?rest_route=\/wp\/v2\/pages\/34\/revisions"}],"predecessor-version":[{"id":2212,"href":"https:\/\/www.foyerlampaul.fr\/index.php?rest_route=\/wp\/v2\/pages\/34\/revisions\/2212"}],"wp:attachment":[{"href":"https:\/\/www.foyerlampaul.fr\/index.php?rest_route=%2Fwp%2Fv2%2Fmedia&parent=34"}],"curies":[{"name":"wp","href":"https:\/\/api.w.org\/{rel}","templated":true}]}}